{"id":60,"date":"2024-06-05T16:22:23","date_gmt":"2024-06-05T16:22:23","guid":{"rendered":"https:\/\/www.vasiltole.com\/?post_type=product&#038;p=60"},"modified":"2024-09-23T09:17:48","modified_gmt":"2024-09-23T09:17:48","slug":"fjale-pa-nota","status":"publish","type":"product","link":"https:\/\/www.vasiltole.com\/?product=fjale-pa-nota","title":{"rendered":"Fjal\u00eb pa nota"},"content":{"rendered":"<p><strong>Titulli: <\/strong><em>Fjal\u00eb pa nota<\/em><\/p>\n<p><strong>Sht\u00ebpia botuese:<\/strong> <em>Akademia e Shkencave e Shqip\u00ebris\u00eb<\/em><\/p>\n<p><strong>Viti i botimit:<\/strong> <em>2023<\/em><\/p>\n<p><strong>Nr. faqeve:<\/strong> <em>540<\/em><\/p>\n<p><strong>ISBN:<\/strong> <em>978-8992-88-09-07-0<\/em><\/p>\n<p>Artikuj t\u00eb shkruar mbi librin &#8220;<em>Fjal\u00eb pa nota&#8221;:<\/em><\/p>\n<ul>\n<li><a href=\"https:\/\/www.vasiltole.com\/wp-content\/uploads\/2024\/06\/Edmond-Buharaja.pdf\">&#8220;Vasil Tole, Fjal\u00eb pa nota&#8221; nga Edmond Buharaja<\/a><\/li>\n<li><a href=\"https:\/\/drive.google.com\/file\/d\/1fSOgT2obcFIJRNVIdLvN2TzQ_BOPgDtJ\/view?usp=drive_link\">&#8220;Lasgush Poradeci si etnograf i muzik\u00ebs, rasti i k\u00ebng\u00ebve t\u00eb Usta Isuf Myzyrit&#8221;<\/a><\/li>\n<\/ul>\n<p><strong>Pasqyra e l\u00ebnd\u00ebs<\/strong><\/p>\n<p>\u201cDy fjal\u00eb\u201d, n\u00eb vend t\u00eb hyrjes 9<br \/>\nKapitulli 1. Muzik\u00eb, art, kultur\u00eb 11<br \/>\n\u00c7esk Zadeja n\u00eb 70-vjetorin e lindjes 13<br \/>\n\u201cVet\u00ebparja e procesit\u201d, libri i par\u00eb i kompozicionit n\u00eb Shqip\u00ebri 15<br \/>\nBaleti \u201cDelina\u2019\u201d, nj\u00eb ngjarje kulturore evropiane 17<br \/>\nPrenk\u00eb Jakova si kompozitor atipik 19<br \/>\nTish Daija n\u00eb 90-vjetorin e lindjes 21<br \/>\nFeim Ibrahimi, konsolidues i parimeve t\u00eb shkoll\u00ebs son\u00eb komb\u00ebtare n\u00eb muzik\u00eb 22<br \/>\nDhora Leka, kompozitore q\u00eb e b\u00ebri historia 25<br \/>\nAkil Koci dhe kompozicioni shqiptar 27<br \/>\nP\u00ebr kompozitorin e shquar Fahri Beqiri (1936-2021) 30<br \/>\nKompozitori Kozma Lara 31<br \/>\nFan S. Noli dhe r\u00ebnd\u00ebsia e tij si kompozitor 33<br \/>\n\u00c7far\u00eb ka p\u00ebrtej notave? 36<br \/>\nKompozitor\u00ebt shkodran\u00eb, pionier\u00eb t\u00eb krijimit t\u00eb gjinive t\u00eb m\u00ebdha muzikore: &#8220;Simfonia&#8221;- Zadeja, &#8220;Opera&#8221;- Jakova, &#8220;Baleti&#8221;- Daija dhe &#8220;Koncerti instrumental&#8221;- Pjet\u00ebr Gaci 38<br \/>\nDy fjal\u00eb p\u00ebr Aleksand\u00ebr Lalon 41<br \/>\n1 tetori, data q\u00eb bashkon Jan Kukuzelin, muzik\u00ebn bizantine dhe Dit\u00ebn Nd\u00ebrkomb\u00ebtare t\u00eb Muzik\u00ebs Klasike 42<br \/>\nShkolla shqiptare e muzik\u00ebs 45<br \/>\nMbi krijimtarin\u00eb muzikore shqiptare dhe politikat e ndjekura mbi t\u00eb 47<br \/>\nP\u00ebr nj\u00eb atelie vetjake kompozicionale 51<br \/>\nKapitulli 2 Muzik\u00eb, art, kultur\u00eb, shkenc\u00eb 54<br \/>\nIsmail Qemali, bekuesi i simboleve tona komb\u00ebtare: himnit dhe flamurit 55<br \/>\n21 qershori, Dita Bot\u00ebrore e Muzik\u00ebs 59<br \/>\nIntegrimi i muzik\u00ebs son\u00eb n\u00eb Evrop\u00eb fillon nga standardet e organizimit t\u00eb aktiviteteve muzikore 61<br \/>\nElina Duni dhe k\u00ebnga \u201c\u00c7obankat q\u00eb shkojn\u00eb zallit\u201d 63<br \/>\nOpinion p\u00ebr \u201cFest 56\u201d! 65<br \/>\n50 pyetje, intervist\u00eb 65<br \/>\nMbi Festivalet e K\u00ebng\u00ebs n\u00eb RTSH 72<br \/>\nTranzicioni: kultura dhe shoq\u00ebria 73<br \/>\nKarta e gjelb\u00ebr: Shqip\u00ebria 2025, rimodelimi ekonomik i zhvillimit 75<br \/>\nP\u00ebr reform\u00ebn n\u00eb sistemin institucional t\u00eb k\u00ebrkimit shkencor n\u00eb vend 78<br \/>\nAkademia e t\u00eb Rinjve 82<br \/>\nNj\u00eb violin\u00eb \u201cStradivari\u201d n\u00eb Tiran\u00eb 84<br \/>\nFjala n\u00eb prezantimin e kandidatur\u00ebs s\u00eb shkrimtarit dhe akademikut Ismail Kadare p\u00ebr \u00e7mimin \u201cNobel\u201d n\u00eb let\u00ebrsi 86<br \/>\nFjala me rastin e aktivitetit kushtuar 11 shkurtit, Dit\u00ebs Nd\u00ebrkomb\u00ebtare t\u00eb Grave dhe Vajzave n\u00eb Shkenc\u00eb 87<br \/>\nBanda komb\u00ebtare \u201cVatra\u201d, dhe roli i saj n\u00eb marr\u00ebdh\u00ebniet shqiptaro-amerikane 89<br \/>\nBuxheti i kultur\u00ebs 93<br \/>\nKoret kishtare n\u00eb Shqip\u00ebri, dhe roli i dirigjent\u00ebve profesionist\u00eb n\u00eb drejtimin e tyre 95<br \/>\nKrijimi i s\u00eb par\u00ebs orkest\u00ebr simfonike n\u00eb Shqip\u00ebri si model Per\u00ebndimor, 6 prill 1924 97<br \/>\nFilarmonia e Tiran\u00ebs 106<br \/>\nKapitulli 3. Trash\u00ebgimi 107<br \/>\n29 shtatori, Dita Komb\u00ebtare e Trash\u00ebgimis\u00eb Kulturore 108<br \/>\nLigji i ri p\u00ebr trash\u00ebgimin\u00eb (2003) si shprehje e strategjis\u00eb kulturore n\u00eb k\u00ebt\u00eb fush\u00eb 110<br \/>\nMbi konvent\u00ebn e UNESCO-s p\u00ebr ruajtjen e trash\u00ebgimis\u00eb jomateriale 114<br \/>\nNj\u00eb v\u00ebshtrim mbi realitetin ligjor dhe praktik t\u00eb trash\u00ebgimis\u00eb kulturore shpirt\u00ebrore n\u00eb Shqip\u00ebri 117<br \/>\nMbi inventarizimin e trash\u00ebgimis\u00eb kulturore jomateriale 131<br \/>\nEdhe nj\u00eb her\u00eb p\u00ebr Beratin n\u00eb List\u00ebn e Trash\u00ebgimis\u00eb Bot\u00ebrore &#8211; UNESCO 135<br \/>\nVeglat muzikore t\u00eb periudh\u00ebs s\u00eb bronzit, d\u00ebshmi t\u00eb zhvillimit t\u00eb muzik\u00ebs n\u00eb Iliri 136<br \/>\nK\u00ebng\u00ebtimi me variacione, n\u00eb Eposin e Kreshnik\u00ebve, standarde t\u00eb kompozicionit muzikor popullor 138<br \/>\nFestivali Folklorik Komb\u00ebtar i Gjirokastr\u00ebs, shtyhet p\u00ebr kalendrat greke 147<br \/>\nKoha p\u00ebr Festivalin Folklorik Komb\u00ebtar t\u00eb Shqiptar\u00ebve, Gjirokast\u00ebr &#8211; 2008 150<br \/>\nInstitucioni i Rapsodit muzikor popullor, n\u00eb figur\u00ebn e Haziz Ndreut 152<br \/>\nTipare t\u00eb p\u00ebrbashk\u00ebta dhe ve\u00e7ori kulturore n\u00eb zonat nd\u00ebrkufitare 155<br \/>\nV\u00ebshtrim mbi rolin dhe figur\u00ebn e Mustafa Bodinit n\u00eb muzik\u00ebn popullore qytetare t\u00eb Elbasanit 157<br \/>\nEduart Lear, transkriptuesi i par\u00eb i tingujve t\u00eb iso-polifonis\u00eb popullore shqiptare 159<br \/>\nNgush\u00ebllim p\u00ebr familjar\u00ebt, lexuesit dhe d\u00ebgjuesit e poezive dhe k\u00ebng\u00ebve t\u00eb Lefter \u00c7ip\u00ebs 162<br \/>\nKori isopolifonik dhe politika, sh\u00ebnim 163<br \/>\nCili do t\u00eb jet\u00eb fati i \u201cMuzeut t\u00eb Rilindjes son\u00eb Komb\u00ebtare\u201d?! 164<br \/>\nEdukimi i brezave p\u00ebrmes trash\u00ebgimis\u00eb kulturore shpirt\u00ebrore nj\u00eb proces q\u00eb k\u00ebrkon implementimin e standardeve t\u00eb gjith\u00ebpranuara 165<br \/>\nDosja \u201cEposi shqiptar n\u00eb pes\u00eb shtete\u201d (E5) fiton \u00e7mimin special \u201cEuropa Nostra\u201d 168<br \/>\nNj\u00eb zbulim i mrekulluesh\u00ebm q\u00eb ndri\u00e7on hershm\u00ebrin\u00eb e trash\u00ebgimis\u00eb son\u00eb muzikore shpirt\u00ebrore 169<br \/>\nFestivali Folklorik Komb\u00ebtar i Gjirokastr\u00ebs, si duhet t\u00eb jet\u00eb 171<br \/>\nVendi dhe roli i muzeve tipologjike n\u00eb Shqip\u00ebri n\u00eb k\u00ebndv\u00ebshtrimin e legjislacionit komb\u00ebtar p\u00ebr trash\u00ebgimin\u00eb kulturore dhe muzet\u00eb 174<br \/>\nFestivali Folklorik Komb\u00ebtar Gjirokast\u00ebr (shtator, 2000) 177<br \/>\nNaim Frash\u00ebri bilbil i \u201cgjuh\u00ebs s\u00eb k\u00ebnduar\u201d 181<br \/>\nButrinti si diskutim akademik 184<br \/>\nKabaja me saze si balad\u00eb pa fjal\u00eb 190<br \/>\nVajtimi dhe gjuha shqipe e k\u00ebnduar: gjinit\u00eb dhe fjal\u00ebt e urta p\u00ebr vajtimin 195<br \/>\nKapitulli 4. Nderim artist\u00ebve dhe studiuesve 201<br \/>\nNgadh\u00ebnjim mbi vdekjen 202<br \/>\n\u201cAkademi p\u00ebrkujtimore\u201d, kushtuar kompozitorit Feim Ibrahimi, Artist i Popullit 203<br \/>\nShuhet Ramadan Sokoli, rilind\u00ebsi i fundit 204<br \/>\nNj\u00eb lot nga Shqip\u00ebria p\u00ebr etnomuzikogun e shquar shqiptar t\u00eb Kosov\u00ebs, mikun dhe kolegun ton\u00eb Bahtir Sheholli 206<br \/>\nTre vjet pa Haxhi Dalipin 208<br \/>\nXhihan Xhihani, njeriu q\u00eb edhe me vdekjen e tij i sh\u00ebrbeu trash\u00ebgimis\u00eb shpirt\u00ebrore t\u00eb Shqip\u00ebris\u00eb 209<br \/>\nGjon Kujxhia, nj\u00eb meteor n\u00eb studimet etnomuzikore shqiptare 210<br \/>\nFjala n\u00eb nderim t\u00eb akademikut Alfred U\u00e7i 212<br \/>\nFjala n\u00eb nderim t\u00eb akademikut Kolec Topalli 214<br \/>\nFjala n\u00eb ceremonin\u00eb e dh\u00ebnies s\u00eb \u00e7mimit t\u00eb \u201cKarrier\u00ebs akademike\u201d shkrimtarit dhe akademikut Ismail Kadare 216<br \/>\nFjala n\u00eb p\u00ebrurimin e bustit t\u00eb akademik Eqrem \u00c7abej n\u00eb 110-vjetorin e tij t\u00eb lindjes 218<br \/>\nKompozitori q\u00eb u b\u00eb president 220<br \/>\nDr. Gjergj Pekmezi rikthehet n\u00eb atdhe 223<br \/>\nKapitulli 5. P\u00ebr botimet muzikore, libra dhe CD 225<br \/>\nParath\u00ebnie p\u00ebr librin \u201cVet\u00ebparja e procesit\u201d t\u00eb profesorit \u00c7esk Zadeja 226<br \/>\nParath\u00ebnia e botimit t\u00eb partitur\u00ebs s\u00eb simfonis\u00eb s\u00eb par\u00eb shqiptare (1956) t\u00eb \u00c7esk Zadej\u00ebs 227<br \/>\nP\u00ebr partitur\u00ebn e baletit t\u00eb par\u00eb shqiptar \u201cHalili dhe Hajria\u201d t\u00eb kompozitorit Tish Daija, akademik, \u201cArtist i Popullit 231<br \/>\nFjala n\u00eb promovimin e kolan\u00ebs muzikore \u201cKlasik\u00ebt muzikor\u00eb shqiptar\u00eb\u201d n\u00eb CD t\u00eb Eno Ko\u00e7os 235<br \/>\nAlbert Paparisto, nj\u00eb personalitet i kulturologjis\u00eb muzikore shqiptare 236<br \/>\nMbi librin e studiueses Hamide Stringa, \u201cNj\u00eb jet\u00eb mbi tastier\u00eb\u201d, kushtuar muziktares s\u00eb shquar Lola Gjoka 237<br \/>\nKur bashk\u00ebkoh\u00ebsia nd\u00ebrtohet mbi tradit\u00ebn 238<br \/>\nFjala n\u00eb promovimin e librit \u201cRingritja e Kish\u00ebs Ortodokse Autoqefale t\u00eb Shqip\u00ebris\u00eb\u201d 239<br \/>\nFjala n\u00eb promovimin e librit t\u00eb Eno Ko\u00e7os kushtuar Gaqo \u00c7akos 241<br \/>\nCD-ja \u201cAlbanian Memories\u201d n\u00eb Tiran\u00eb 242<br \/>\nFjala n\u00eb promovimin e botimit \u201cFestivali Folklorik Komb\u00ebtar i Gjirokastr\u00ebs 2009\u201d i autorit Esat Ruka 243<br \/>\n\u201cAnastasimatari\u201d, nj\u00eb hap tjet\u00ebr drejt ringritjes shpirt\u00ebrore t\u00eb Kish\u00ebs Ortodokse Autoqefale t\u00eb Shqip\u00ebris\u00eb 245<br \/>\nMuza e par\u00eb, parath\u00ebnia e botimit kushtuar k\u00ebng\u00ebtares lirike Jorgjia Fil\u00e7e Truja 248<br \/>\nDy fjal\u00eb mbi librin \u201cN\u00eb skenat e tri kontinenteve\u201d, t\u00eb Tish Dais\u00eb 252<br \/>\nFjala n\u00eb promovimin e botimit \u201cK\u00ebng\u00ebt partizane, trash\u00ebgimia shpirt\u00ebrore e Luft\u00ebs Antifashiste Nacional\u00e7lirimtare\u201d, 2014 253<br \/>\nP\u00ebr librin \u201cLadorishti, histori dhe tradita\u201d t\u00eb Kaim Murtishit 254<br \/>\nMbi librin \u201cGjirokastra e festivalit\u201d i autorit Naxhi Kasoruho 256<br \/>\nAlbumi n\u00eb CD \u201cEntropy\u201d i Eda Zarit 259<br \/>\nParath\u00ebnia p\u00ebr librin \u201cTropoja e mrekullive shpirt\u00ebrore\u201d t\u00eb Sk\u00ebnder Haklajt \u201cTropoja shpirt\u00ebrore, si\u00e7 nuk e keni njohur\u201d 261<br \/>\nCD &#8211; \u201cFantasie\u201d me vepra p\u00ebr saksofon e piano, realizuar nga Zija Bejleri dhe Dhurata Lazo, koleg\u00eb n\u00eb muzik\u00eb dhe bashk\u00ebshort\u00eb n\u00eb jet\u00eb 262<br \/>\nHyrja e leksionit t\u00eb prof. Ivano Cavallini \u201cSk\u00ebnderbeu n\u00eb muzik\u00eb\u201d 264<br \/>\nHyrje p\u00ebr librin \u201cHistori n\u00eb polifoni\u201d i Muhamet Tartarit 267<br \/>\nRaif Hyseni, ky bard modern 268<br \/>\nRecens\u00eb p\u00ebr punimin \u201cAhengu shkodran, not\u00ebzimi i plot\u00eb\u201d, botim kritik i p\u00ebrgatitur nga Edmir Ballgjati 269<br \/>\nRecens\u00eb p\u00ebr librin \u201cTinguj q\u00eb rr\u00ebfejn\u00eb, tinguj q\u00eb rr\u00ebfehen\u201d t\u00eb Mikaela Ming\u00ebs 272<br \/>\nPolifonia dhe \u201cPolifon\u00ebt\u201d si rregullator\u00eb t\u00eb jet\u00ebs tradicionale 275<br \/>\n\u201cRr\u00ebnj\u00ebt kristiane t\u00eb muzik\u00ebs shqiptare\u201d i prof. dr. Fatmir Hysit 278<br \/>\nGjon Kujxhia, nj\u00eb meteor n\u00eb studimet etnomuzikore shqiptare 280<br \/>\nPromovimi i veprave orkestrale t\u00eb Fan S. Nolit 282<br \/>\nKompozitori Bojan Adami\u00e7 (1912-1995) dhe kontributi i tij n\u00eb jet\u00ebn muzikore shqiptare pas Luft\u00ebs s\u00eb Dyt\u00eb Bot\u00ebrore 283<br \/>\n\u201cSkrapari n\u00eb k\u00ebng\u00eb\u201d, parath\u00ebnie p\u00ebr botimin e p\u00ebrgatitur nga Klodian Qafoku 287<br \/>\nP\u00ebr librin \u201cTrio Zajazi\u201d t\u00eb autorit Shaban Dalipi 290<br \/>\n\u201cVlla ke kojshin\u00eb\u201d, ose dy fjal\u00eb p\u00ebr librin \u201cMiq\u00ebsi e trazuar\u201d 292<br \/>\nFjala n\u00eb promovimin e librit \u201cTrash\u00ebgimia shpirt\u00ebrore e Tiran\u00ebs n\u00eb muzik\u00eb\u201d, 2020 294<br \/>\nLasgush Poradeci si etnograf i muzik\u00ebs, rasti i k\u00ebng\u00ebve t\u00eb Usta Isuf Myzyrit 295<br \/>\n\u201cKorifejt\u00eb\u201d i Sejmen Gjokolit 321<br \/>\nFjala n\u00eb promovimin e botimit \u201cAntologji e kompozitor\u00ebve t\u00eb rinj t\u00eb Kosov\u00ebs\u201d 323<\/p>\n<p>Treguesi i emrave: 327<br \/>\nBibliografi e artikujve dhe intervistave n\u00eb shtypin shqiptar 328<br \/>\nBibliografi e p\u00ebrmbledhur e shkrimeve q\u00eb kan\u00eb p\u00ebr objekt autorin dhe pun\u00ebn e tij studimore, krijuese dhe artistike p\u00ebr vitet 1988 dhe n\u00eb vazhdim 335<br \/>\nCV e autorit 339<\/p>\n<p><iframe loading=\"lazy\" title=\"Promovimi i botimit &quot;FJALE PA NOTA&quot;, Tirane, 2024\" width=\"500\" height=\"375\" src=\"https:\/\/www.youtube.com\/embed\/KwXzD4LPPFo?feature=oembed\" frameborder=\"0\" allow=\"accelerometer; autoplay; clipboard-write; encrypted-media; gyroscope; picture-in-picture; web-share\" referrerpolicy=\"strict-origin-when-cross-origin\" allowfullscreen><\/iframe><\/p>\n","protected":false},"excerpt":{"rendered":"<p> [&hellip;]<\/p>\n","protected":false},"featured_media":528,"template":"","meta":[],"product_cat":[18,26],"product_tag":[],"class_list":{"0":"post-60","1":"product","2":"type-product","3":"status-publish","4":"has-post-thumbnail","6":"product_cat-monografi","7":"product_cat-botime","9":"first","10":"instock","11":"shipping-taxable","12":"product-type-simple"},"_links":{"self":[{"href":"https:\/\/www.vasiltole.com\/index.php?rest_route=\/wp\/v2\/product\/60","targetHints":{"allow":["GET"]}}],"collection":[{"href":"https:\/\/www.vasiltole.com\/index.php?rest_route=\/wp\/v2\/product"}],"about":[{"href":"https:\/\/www.vasiltole.com\/index.php?rest_route=\/wp\/v2\/types\/product"}],"wp:featuredmedia":[{"embeddable":true,"href":"https:\/\/www.vasiltole.com\/index.php?rest_route=\/wp\/v2\/media\/528"}],"wp:attachment":[{"href":"https:\/\/www.vasiltole.com\/index.php?rest_route=%2Fwp%2Fv2%2Fmedia&parent=60"}],"wp:term":[{"taxonomy":"product_cat","embeddable":true,"href":"https:\/\/www.vasiltole.com\/index.php?rest_route=%2Fwp%2Fv2%2Fproduct_cat&post=60"},{"taxonomy":"product_tag","embeddable":true,"href":"https:\/\/www.vasiltole.com\/index.php?rest_route=%2Fwp%2Fv2%2Fproduct_tag&post=60"}],"curies":[{"name":"wp","href":"https:\/\/api.w.org\/{rel}","templated":true}]}}